{"id":4276,"date":"2018-03-13T12:00:34","date_gmt":"2018-03-13T11:00:34","guid":{"rendered":"http:\/\/agrosemens.com\/blog\/?page_id=4276"},"modified":"2018-03-13T12:01:38","modified_gmt":"2018-03-13T11:01:38","slug":"nos-semences-2","status":"publish","type":"page","link":"https:\/\/www.agrosemens.com\/blog\/nos-semences-2\/","title":{"rendered":"Nos semences"},"content":{"rendered":"<p>&nbsp;<\/p>\n<h1 style=\"text-align: center; color: #9b4f16;\">AGROSEMENS, acteur militant<br \/>\npour des semences reproductibles, locales et paysannes<\/h1>\n<h2 style=\"text-align: center;\">Programmes de s\u00e9lection conservatrice et am\u00e9lioratrice<\/h2>\n<table>\n<tbody>\n<tr>\n<td width=\"50%\">\u00a0<img style=\"display: block; margin-left: auto; margin-right: auto;\" src=\"https:\/\/www.agrosemens.com\/img\/cms\/PetitSambuc.jpg\" alt=\"Petit Sambuc AGROSEMENS\" width=\"535\" \/><\/td>\n<\/tr>\n<tr>\n<td style=\"text-align: center;\">La Ferme bio du Petit Sambuc, Ferme semenci\u00e8re d\u2019AGROSEMENS<br \/>\nExemple de vari\u00e9t\u00e9 s\u00e9lectionn\u00e9e : Aubergine de Barbentane (origine : Avignon)<\/td>\n<\/tr>\n<\/tbody>\n<\/table>\n<p>&nbsp;<\/p>\n<p style=\"text-align: center;\">Un r\u00e9seau national de petits producteurs bio fran\u00e7ais :<br \/>\nTrois de la quarantaine des paysans-semenciers \u0153uvrant pour AGROSEMENS<\/p>\n<p>Ren\u00e9 et Malou, Gwenol\u00e9, Luc, Jean Martial, Julien, Beno\u00eet, S\u00e9bastien, Anthony, Philippe, Nicolas, Philippe, Ivan, Christiane, Yanick, Karine, Th\u00e9o, C\u00e9line, Thomas, Valentin, Alex, Lucien, Cl\u00e9mence, Pierre P., Emmanuel, Pierre D., Michel, J\u00e9rome, Fabrice, G\u00e9rard et Mireille, Pascal, Augustin, C\u00e9dric, Gabriel, Lo\u00efc, Bruno, Jean-Michel&#8230;<\/p>\n<p>&nbsp;<\/p>\n<table>\n<tbody>\n<tr>\n<td width=\"50%\">\u00a0<img style=\"display: block; margin-left: auto; margin-right: auto;\" src=\"https:\/\/www.agrosemens.com\/img\/cms\/semencier-2.jpg\" alt=\"\" width=\"200\" \/><\/td>\n<td width=\"50%\">\u00a0<img style=\"display: block; margin-left: auto; margin-right: auto;\" src=\"https:\/\/www.agrosemens.com\/img\/cms\/semencier-1.jpg\" alt=\"\" width=\"200\" \/><\/td>\n<\/tr>\n<tr>\n<td>\n<p style=\"text-align: center;\"><strong>Philippe CASTIN<\/strong><br \/>\nPaysan-semencier dans le Gers (32)<br \/>\nExemples de vari\u00e9t\u00e9s sauvegard\u00e9es :<br \/>\nOignon rouge de Toulouges,<br \/>\nPoivron doux des Landes,<br \/>\nOignon des C\u00e9vennes, Courge Futsu black,<br \/>\nPotiron Sucrine du Berry<\/p>\n<\/td>\n<td>\n<p style=\"text-align: center;\"><strong>Jean Martial MOREL et Julien<\/strong><br \/>\nPaysan-semencier en Ille et Vilaine (35)<br \/>\nExemples de vari\u00e9t\u00e9s sauvegard\u00e9es :<br \/>\nBetterave Crapaudine,<br \/>\nLaitue Rougette de Montpellier,<br \/>\nConcombre Tanja,<br \/>\nCourge Musqu\u00e9e de Provence<\/p>\n<\/td>\n<\/tr>\n<tr>\n<td style=\"padding-top: 20px;\" colspan=\"2\">\u00a0<img loading=\"lazy\" class=\"aligncenter\" src=\"https:\/\/www.agrosemens.com\/img\/cms\/semencier-3.jpg\" alt=\"\" width=\"420\" height=\"272\" \/><\/td>\n<\/tr>\n<tr>\n<td style=\"text-align: center;\" colspan=\"2\"><strong>Une partie de la famille LOUBET : Th\u00e9o, Yanick, C\u00e9line, Karine<\/strong><br \/>\nPaysans-semenciers en C\u00f4ted\u2019Or (21)<br \/>\nExemples de vari\u00e9t\u00e9s sauvegard\u00e9es : Courgette Grisette de Provence, Poivron Petit Marseillais,Tomate Purple calabash, Laitue fris\u00e9e de Beauregard<\/td>\n<\/tr>\n<\/tbody>\n<\/table>\n<p>&nbsp;<\/p>\n<p style=\"text-align: center;\"><strong><img loading=\"lazy\" style=\"float: left;\" src=\"https:\/\/www.agrosemens.com\/img\/cms\/kultursaat.jpg\" alt=\"kultursaat\" width=\"80\" height=\"108\" \/><br \/>\nAGROSEMENS est adh\u00e9rent depuis 2012 de l\u2019association Kultursaat.<\/strong><\/p>\n<p>Kultursaat soutient les actions de s\u00e9lections vari\u00e9tales biodynamiques depuis 25 ans dans des fermes d\u2019Europe permettant ainsi la cr\u00e9ation, l\u2019\u00e9valuation et la diffusion de plusieurs dizaines de vari\u00e9t\u00e9s adapt\u00e9es \u00e0 l\u2019agriculture biologique.<\/p>\n<p style=\"text-align: center;\"><img src=\"https:\/\/www.agrosemens.com\/img\/cms\/LabelsBio.jpg\" alt=\"Labels Bio\" width=\"300\" \/><\/p>\n","protected":false},"excerpt":{"rendered":"<p>&nbsp; AGROSEMENS, acteur militant pour des semences reproductibles, locales et paysannes Programmes de s\u00e9lection conservatrice et am\u00e9lioratrice \u00a0 La Ferme bio du Petit Sambuc, Ferme semenci\u00e8re d\u2019AGROSEMENS Exemple de vari\u00e9t\u00e9 s\u00e9lectionn\u00e9e : Aubergine de Barbentane (origine : Avignon) &nbsp; Un r\u00e9seau national de petits producteurs bio fran\u00e7ais : Trois de la quarantaine des paysans-semenciers \u0153uvrant &#8230; <\/p>\n<p class=\"moree\"><a class=\"btn btn-inverse btn-normal btn-primary \" href=\"https:\/\/www.agrosemens.com\/blog\/nos-semences-2\/\">Lire la suite<\/a><\/p>\n","protected":false},"author":1,"featured_media":0,"parent":0,"menu_order":0,"comment_status":"open","ping_status":"closed","template":"","meta":[],"yoast_head":"<!-- This site is optimized with the Yoast SEO plugin v19.2 - https:\/\/yoast.com\/wordpress\/plugins\/seo\/ -->\n<title>Nos semences - Agrosemens<\/title>\n<meta name=\"robots\" content=\"index, follow, max-snippet:-1, max-image-preview:large, max-video-preview:-1\" \/>\n<link rel=\"canonical\" href=\"https:\/\/www.agrosemens.com\/blog\/nos-semences-2\/\" \/>\n<meta property=\"og:locale\" content=\"fr_FR\" \/>\n<meta property=\"og:type\" content=\"article\" \/>\n<meta property=\"og:title\" content=\"Nos semences - Agrosemens\" \/>\n<meta property=\"og:description\" content=\"&nbsp; AGROSEMENS, acteur militant pour des semences reproductibles, locales et paysannes Programmes de s\u00e9lection conservatrice et am\u00e9lioratrice \u00a0 La Ferme bio du Petit Sambuc, Ferme semenci\u00e8re d\u2019AGROSEMENS Exemple de vari\u00e9t\u00e9 s\u00e9lectionn\u00e9e : Aubergine de Barbentane (origine : Avignon) &nbsp; Un r\u00e9seau national de petits producteurs bio fran\u00e7ais : Trois de la quarantaine des paysans-semenciers \u0153uvrant ... Lire la suite\" \/>\n<meta property=\"og:url\" content=\"https:\/\/www.agrosemens.com\/blog\/nos-semences-2\/\" \/>\n<meta property=\"og:site_name\" content=\"Agrosemens\" \/>\n<meta property=\"article:publisher\" content=\"https:\/\/www.facebook.com\/agrosemens.semencesbio\" \/>\n<meta property=\"article:modified_time\" content=\"2018-03-13T11:01:38+00:00\" \/>\n<meta property=\"og:image\" content=\"https:\/\/www.agrosemens.com\/img\/cms\/PetitSambuc.jpg\" \/>\n<meta name=\"author\" content=\"agrosemens\" \/>\n<meta name=\"twitter:card\" content=\"summary_large_image\" \/>\n<meta name=\"twitter:site\" content=\"@AGROSEMENS\" \/>\n<meta name=\"twitter:label1\" content=\"Dur\u00e9e de lecture estim\u00e9e\" \/>\n\t<meta name=\"twitter:data1\" content=\"1 minute\" \/>\n<script type=\"application\/ld+json\" class=\"yoast-schema-graph\">{\"@context\":\"https:\/\/schema.org\",\"@graph\":[{\"@type\":\"WebSite\",\"@id\":\"https:\/\/www.agrosemens.com\/blog\/#website\",\"url\":\"https:\/\/www.agrosemens.com\/blog\/\",\"name\":\"Agrosemens\",\"description\":\"\",\"potentialAction\":[{\"@type\":\"SearchAction\",\"target\":{\"@type\":\"EntryPoint\",\"urlTemplate\":\"https:\/\/www.agrosemens.com\/blog\/?s={search_term_string}\"},\"query-input\":\"required name=search_term_string\"}],\"inLanguage\":\"fr-FR\"},{\"@type\":\"ImageObject\",\"inLanguage\":\"fr-FR\",\"@id\":\"https:\/\/www.agrosemens.com\/blog\/nos-semences-2\/#primaryimage\",\"url\":\"https:\/\/www.agrosemens.com\/img\/cms\/PetitSambuc.jpg\",\"contentUrl\":\"https:\/\/www.agrosemens.com\/img\/cms\/PetitSambuc.jpg\"},{\"@type\":\"WebPage\",\"@id\":\"https:\/\/www.agrosemens.com\/blog\/nos-semences-2\/#webpage\",\"url\":\"https:\/\/www.agrosemens.com\/blog\/nos-semences-2\/\",\"name\":\"Nos semences - Agrosemens\",\"isPartOf\":{\"@id\":\"https:\/\/www.agrosemens.com\/blog\/#website\"},\"primaryImageOfPage\":{\"@id\":\"https:\/\/www.agrosemens.com\/blog\/nos-semences-2\/#primaryimage\"},\"datePublished\":\"2018-03-13T11:00:34+00:00\",\"dateModified\":\"2018-03-13T11:01:38+00:00\",\"breadcrumb\":{\"@id\":\"https:\/\/www.agrosemens.com\/blog\/nos-semences-2\/#breadcrumb\"},\"inLanguage\":\"fr-FR\",\"potentialAction\":[{\"@type\":\"ReadAction\",\"target\":[\"https:\/\/www.agrosemens.com\/blog\/nos-semences-2\/\"]}]},{\"@type\":\"BreadcrumbList\",\"@id\":\"https:\/\/www.agrosemens.com\/blog\/nos-semences-2\/#breadcrumb\",\"itemListElement\":[{\"@type\":\"ListItem\",\"position\":1,\"name\":\"Accueil\",\"item\":\"https:\/\/www.agrosemens.com\/blog\/\"},{\"@type\":\"ListItem\",\"position\":2,\"name\":\"Nos semences\"}]}]}<\/script>\n<!-- \/ Yoast SEO plugin. -->","yoast_head_json":{"title":"Nos semences - Agrosemens","robots":{"index":"index","follow":"follow","max-snippet":"max-snippet:-1","max-image-preview":"max-image-preview:large","max-video-preview":"max-video-preview:-1"},"canonical":"https:\/\/www.agrosemens.com\/blog\/nos-semences-2\/","og_locale":"fr_FR","og_type":"article","og_title":"Nos semences - Agrosemens","og_description":"&nbsp; AGROSEMENS, acteur militant pour des semences reproductibles, locales et paysannes Programmes de s\u00e9lection conservatrice et am\u00e9lioratrice \u00a0 La Ferme bio du Petit Sambuc, Ferme semenci\u00e8re d\u2019AGROSEMENS Exemple de vari\u00e9t\u00e9 s\u00e9lectionn\u00e9e : Aubergine de Barbentane (origine : Avignon) &nbsp; Un r\u00e9seau national de petits producteurs bio fran\u00e7ais : Trois de la quarantaine des paysans-semenciers \u0153uvrant ... Lire la suite","og_url":"https:\/\/www.agrosemens.com\/blog\/nos-semences-2\/","og_site_name":"Agrosemens","article_publisher":"https:\/\/www.facebook.com\/agrosemens.semencesbio","article_modified_time":"2018-03-13T11:01:38+00:00","og_image":[{"url":"https:\/\/www.agrosemens.com\/img\/cms\/PetitSambuc.jpg"}],"author":"agrosemens","twitter_card":"summary_large_image","twitter_site":"@AGROSEMENS","twitter_misc":{"Dur\u00e9e de lecture estim\u00e9e":"1 minute"},"schema":{"@context":"https:\/\/schema.org","@graph":[{"@type":"WebSite","@id":"https:\/\/www.agrosemens.com\/blog\/#website","url":"https:\/\/www.agrosemens.com\/blog\/","name":"Agrosemens","description":"","potentialAction":[{"@type":"SearchAction","target":{"@type":"EntryPoint","urlTemplate":"https:\/\/www.agrosemens.com\/blog\/?s={search_term_string}"},"query-input":"required name=search_term_string"}],"inLanguage":"fr-FR"},{"@type":"ImageObject","inLanguage":"fr-FR","@id":"https:\/\/www.agrosemens.com\/blog\/nos-semences-2\/#primaryimage","url":"https:\/\/www.agrosemens.com\/img\/cms\/PetitSambuc.jpg","contentUrl":"https:\/\/www.agrosemens.com\/img\/cms\/PetitSambuc.jpg"},{"@type":"WebPage","@id":"https:\/\/www.agrosemens.com\/blog\/nos-semences-2\/#webpage","url":"https:\/\/www.agrosemens.com\/blog\/nos-semences-2\/","name":"Nos semences - Agrosemens","isPartOf":{"@id":"https:\/\/www.agrosemens.com\/blog\/#website"},"primaryImageOfPage":{"@id":"https:\/\/www.agrosemens.com\/blog\/nos-semences-2\/#primaryimage"},"datePublished":"2018-03-13T11:00:34+00:00","dateModified":"2018-03-13T11:01:38+00:00","breadcrumb":{"@id":"https:\/\/www.agrosemens.com\/blog\/nos-semences-2\/#breadcrumb"},"inLanguage":"fr-FR","potentialAction":[{"@type":"ReadAction","target":["https:\/\/www.agrosemens.com\/blog\/nos-semences-2\/"]}]},{"@type":"BreadcrumbList","@id":"https:\/\/www.agrosemens.com\/blog\/nos-semences-2\/#breadcrumb","itemListElement":[{"@type":"ListItem","position":1,"name":"Accueil","item":"https:\/\/www.agrosemens.com\/blog\/"},{"@type":"ListItem","position":2,"name":"Nos semences"}]}]}},"_links":{"self":[{"href":"https:\/\/www.agrosemens.com\/blog\/wp-json\/wp\/v2\/pages\/4276"}],"collection":[{"href":"https:\/\/www.agrosemens.com\/blog\/wp-json\/wp\/v2\/pages"}],"about":[{"href":"https:\/\/www.agrosemens.com\/blog\/wp-json\/wp\/v2\/types\/page"}],"author":[{"embeddable":true,"href":"https:\/\/www.agrosemens.com\/blog\/wp-json\/wp\/v2\/users\/1"}],"replies":[{"embeddable":true,"href":"https:\/\/www.agrosemens.com\/blog\/wp-json\/wp\/v2\/comments?post=4276"}],"version-history":[{"count":52,"href":"https:\/\/www.agrosemens.com\/blog\/wp-json\/wp\/v2\/pages\/4276\/revisions"}],"predecessor-version":[{"id":4329,"href":"https:\/\/www.agrosemens.com\/blog\/wp-json\/wp\/v2\/pages\/4276\/revisions\/4329"}],"wp:attachment":[{"href":"https:\/\/www.agrosemens.com\/blog\/wp-json\/wp\/v2\/media?parent=4276"}],"curies":[{"name":"wp","href":"https:\/\/api.w.org\/{rel}","templated":true}]}}