{"id":247,"date":"2015-03-17T11:14:43","date_gmt":"2015-03-17T11:14:43","guid":{"rendered":"http:\/\/agrosemens.com\/blog?page_id=247"},"modified":"2024-09-30T08:44:40","modified_gmt":"2024-09-30T06:44:40","slug":"ils-parlent-de-nous","status":"publish","type":"page","link":"https:\/\/www.agrosemens.com\/blog\/ils-parlent-de-nous\/","title":{"rendered":"Ils parlent de nous"},"content":{"rendered":"<div class=\"wp-block-image\">\n<figure class=\"alignleft size-full\"><a href=\"https:\/\/www.agencebio.org\/2024\/09\/27\/cyriaque-crosnier-mangeat-le-pelerin-du-bio\/\" target=\"_blank\" rel=\"noreferrer noopener\"><img loading=\"lazy\" width=\"236\" height=\"236\" src=\"https:\/\/www.agrosemens.com\/blog\/wp-content\/uploads\/2024\/09\/POST-122.jpg\" alt=\"\" class=\"wp-image-6555\" srcset=\"https:\/\/www.agrosemens.com\/blog\/wp-content\/uploads\/2024\/09\/POST-122.jpg 236w, https:\/\/www.agrosemens.com\/blog\/wp-content\/uploads\/2024\/09\/POST-122-150x150.jpg 150w\" sizes=\"(max-width: 236px) 100vw, 236px\" \/><\/a><\/figure><\/div>\n\n\n<p>Septembre 2024 &#8211; L&#8217;Agence Bio<\/p>\n\n\n\n<p>Cyriaque Crosnier Mangeat, le p\u00e8lerin du bio.<\/p>\n\n\n\n<p><a href=\"https:\/\/www.agencebio.org\/2024\/09\/27\/cyriaque-crosnier-mangeat-le-pelerin-du-bio\/\" target=\"_blank\" rel=\"noreferrer noopener\">Voir l&#8217;article<\/a><\/p>\n\n\n\n<div style=\"height:13px\" aria-hidden=\"true\" class=\"wp-block-spacer\"><\/div>\n\n\n<div class=\"wp-block-image\">\n<figure class=\"alignleft size-full\"><a href=\"https:\/\/www.youtube.com\/watch?v=BrSS1Dn5xIw\"><img loading=\"lazy\" width=\"236\" height=\"236\" src=\"https:\/\/www.agrosemens.com\/blog\/wp-content\/uploads\/2024\/07\/BleuTomate.jpg\" alt=\"\" class=\"wp-image-6543\" srcset=\"https:\/\/www.agrosemens.com\/blog\/wp-content\/uploads\/2024\/07\/BleuTomate.jpg 236w, https:\/\/www.agrosemens.com\/blog\/wp-content\/uploads\/2024\/07\/BleuTomate-150x150.jpg 150w\" sizes=\"(max-width: 236px) 100vw, 236px\" \/><\/a><\/figure><\/div>\n\n\n<p>Juillet 2024 &#8211; Bleu Tomate<\/p>\n\n\n\n<p>Fermes municipales, graines de la transition ? D\u00e9couvrez avec nous la premi\u00e8re \u00e9dition des Rencontres nationales des fermes municipales \u00e0 Mouans-Sartoux !<\/p>\n\n\n\n<p><a href=\"https:\/\/www.youtube.com\/watch?v=BrSS1Dn5xIw\" target=\"_blank\" rel=\"noreferrer noopener\">Voir la vid\u00e9o<\/a><\/p>\n\n\n\n<div style=\"height:13px\" aria-hidden=\"true\" class=\"wp-block-spacer\"><\/div>\n\n\n<div class=\"wp-block-image\">\n<figure class=\"alignleft size-full\"><a href=\"https:\/\/www.agrosemens.com\/blog\/wp-content\/uploads\/2024\/01\/Businews-215-BD-12.jpg\"><img loading=\"lazy\" width=\"263\" height=\"168\" src=\"https:\/\/www.agrosemens.com\/blog\/wp-content\/uploads\/2024\/01\/Businews-215-BD-12.jpg\" alt=\"\" class=\"wp-image-6525\"\/><\/a><\/figure><\/div>\n\n\n<p>Hiver 2024 &#8211; Businews<\/p>\n\n\n\n<p>Grand format (en)Qu\u00eate de sens : Julien Bourreli, chef de culture chez AGROSEMENS \u00e0 Aix-en-Provence<\/p>\n\n\n\n<p><a href=\"https:\/\/www.agrosemens.com\/blog\/wp-content\/uploads\/2024\/01\/2024-01-Businews.pdf\">Lire l&#8217;article<\/a><\/p>\n\n\n\n<div style=\"height:13px\" aria-hidden=\"true\" class=\"wp-block-spacer\"><\/div>\n\n\n<div class=\"wp-block-image\">\n<figure class=\"alignleft size-full\"><a href=\"https:\/\/www.agrosemens.com\/blog\/wp-content\/uploads\/2022\/09\/Article-La-Provence-220830.jpg\"><img loading=\"lazy\" width=\"236\" height=\"236\" src=\"https:\/\/www.agrosemens.com\/blog\/wp-content\/uploads\/2022\/09\/Article-La-Provence-220830.jpg\" alt=\"\" class=\"wp-image-6235\" srcset=\"https:\/\/www.agrosemens.com\/blog\/wp-content\/uploads\/2022\/09\/Article-La-Provence-220830.jpg 236w, https:\/\/www.agrosemens.com\/blog\/wp-content\/uploads\/2022\/09\/Article-La-Provence-220830-150x150.jpg 150w\" sizes=\"(max-width: 236px) 100vw, 236px\" \/><\/a><\/figure><\/div>\n\n\n<p>Le 31\/08\/2022 &#8211; La Provence<\/p>\n\n\n\n<p>AGROSEMENS relance les semences oubli\u00e9es<\/p>\n\n\n\n<p><a href=\"https:\/\/www.agrosemens.com\/blog\/wp-content\/uploads\/2022\/09\/Article-La-Provence.jpg\">Lire l&#8217;article<\/a><\/p>\n\n\n\n<div style=\"height:13px\" aria-hidden=\"true\" class=\"wp-block-spacer\"><\/div>\n\n\n<div class=\"wp-block-image\">\n<figure class=\"alignleft size-large\"><a href=\"https:\/\/www.agrosemens.com\/blog\/wp-content\/uploads\/2022\/07\/2022-06-20-LAMI-DES-JARDINS-ET-DE-LA-MAISON-Juillet-2022-petit.jpg\"><img loading=\"lazy\" width=\"263\" height=\"236\" src=\"https:\/\/www.agrosemens.com\/blog\/wp-content\/uploads\/2022\/07\/2022-06-20-LAMI-DES-JARDINS-ET-DE-LA-MAISON-Juillet-2022-petit.jpg\" alt=\"\" class=\"wp-image-6178\"\/><\/a><\/figure><\/div>\n\n\n<p>Le 01\/07\/2022 &#8211; L&#8217;Ami des jardins et de la maison<\/p>\n\n\n\n<p>&#8220;Rencontre avec Julien Bourelli, chef de culture&#8221;<\/p>\n\n\n\n<p><a href=\"https:\/\/www.lasemencebio.com\/telechargement\/Presse\/2022-06-20-L'AMI%20DES%20JARDINS%20ET%20DE%20LA%20MAISON-Juillet%202022-10000000063253923.pdf\" target=\"_blank\" rel=\"noreferrer noopener\">Entretien avec Julien Bourelli<\/a><\/p>\n\n\n\n<div style=\"height:13px\" aria-hidden=\"true\" class=\"wp-block-spacer\"><\/div>\n\n\n<div class=\"wp-block-image\">\n<figure class=\"alignleft size-large is-resized\"><a href=\"https:\/\/www.agrosemens.com\/blog\/wp-content\/uploads\/2022\/05\/RCF-1.jpg\"><img loading=\"lazy\" src=\"https:\/\/www.agrosemens.com\/blog\/wp-content\/uploads\/2022\/05\/RCF-1.jpg\" alt=\"\" class=\"wp-image-6148\" width=\"148\" height=\"148\" srcset=\"https:\/\/www.agrosemens.com\/blog\/wp-content\/uploads\/2022\/05\/RCF-1.jpg 250w, https:\/\/www.agrosemens.com\/blog\/wp-content\/uploads\/2022\/05\/RCF-1-150x150.jpg 150w\" sizes=\"(max-width: 148px) 100vw, 148px\" \/><\/a><\/figure><\/div>\n\n\n<p>Le 25\/04\/2022 &#8211; RCF Radio<\/p>\n\n\n\n<p>&#8220;Les semences paysannes : un enjeu mondiale pour prendre soin du vivant&#8221;<\/p>\n\n\n\n<p><a href=\"https:\/\/rcf.fr\/actualite\/commune-planete-provencealpescote-dazur?episode=233378\" target=\"_blank\" rel=\"noreferrer noopener\">Ecouter l&#8217;entretien avec Cyriaque CROSNIER-MANGEAT<\/a><\/p>\n\n\n\n<div style=\"height:13px\" aria-hidden=\"true\" class=\"wp-block-spacer\"><\/div>\n\n\n\n<div style=\"height:13px\" aria-hidden=\"true\" class=\"wp-block-spacer\"><\/div>\n\n\n<div class=\"wp-block-image\">\n<figure class=\"alignleft size-full\"><a href=\"https:\/\/www.agrosemens.com\/blog\/wp-content\/uploads\/2023\/02\/N\u00b011-janvier-fevrier-2022-le-potager-permacole_compressed-1-33.jpg\"><img loading=\"lazy\" width=\"236\" height=\"215\" src=\"https:\/\/www.agrosemens.com\/blog\/wp-content\/uploads\/2023\/02\/N\u00b011-janvier-fevrier-2022-le-potager-permacole_compressed-1-33.jpg\" alt=\"\" class=\"wp-image-6307\"\/><\/a><\/figure><\/div>\n\n\n<p>Janvier 2022 &#8211; LE POTAGER Permacole<\/p>\n\n\n\n<p>&#8220;D&#8217;o\u00f9 viennent nos semences ?&#8221;<\/p>\n\n\n\n<p><a href=\"https:\/\/www.lasemencebio.com\/telechargement\/Presse\/N\u00b011-janvier-fevrier-2022-le-potager-permacole.pdf\" target=\"_blank\" rel=\"noreferrer noopener\">Lire l&#8217;article<\/a><\/p>\n\n\n\n<div style=\"height:13px\" aria-hidden=\"true\" class=\"wp-block-spacer\"><\/div>\n\n\n<div class=\"wp-block-image\">\n<figure class=\"alignleft size-large\"><a href=\"https:\/\/www.agrosemens.com\/blog\/wp-content\/uploads\/2022\/05\/SansTransitions.jpg\"><img loading=\"lazy\" width=\"250\" height=\"183\" src=\"https:\/\/www.agrosemens.com\/blog\/wp-content\/uploads\/2022\/05\/SansTransitions.jpg\" alt=\"\" class=\"wp-image-6153\"\/><\/a><\/figure><\/div>\n\n\n<p>Le 29\/12\/2021 &#8211; Sans Transitions !<\/p>\n\n\n\n<p>[INITIATIVE] AGROSEMENS : prenez-en de la graine !<\/p>\n\n\n\n<p><a href=\"https:\/\/www.agrosemens.com\/blog\/wp-content\/uploads\/2022\/05\/Sans-Transition_Agrosemens-prenez-en-de-la-graine-_211229.pdf\">Lire l&#8217;article<\/a><\/p>\n\n\n\n<div style=\"height:8px\" aria-hidden=\"true\" class=\"wp-block-spacer\"><\/div>\n\n\n<p><a href=\"https:\/\/www.agrosemens.com\/blog\/wp-content\/uploads\/2015\/03\/La-Provence-22-sept-JPO-AGROSEMENS-22-sept.-2019-12-29.pdf\" target=\"_blank\" rel=\"noopener\"><img loading=\"lazy\" class=\"alignleft size-full wp-image-4949\" src=\"https:\/\/www.agrosemens.com\/blog\/wp-content\/uploads\/2015\/03\/Article.jpg\" alt=\"Article\" width=\"150\" height=\"150\"><\/a><\/p>\n<p><\/p>\n<p>Le 22\/09\/2019 &#8211; La Provence<\/p>\n<p><strong>&nbsp;&#8220;Le petit Sambuc, ferme semenci\u00e8re exp\u00e9rimentale&#8221;<\/strong><\/p>\n<p><a href=\"https:\/\/www.agrosemens.com\/blog\/wp-content\/uploads\/2015\/03\/La-Provence-22-sept-JPO-AGROSEMENS-22-sept.-2019-12-29.pdf\" target=\"_blank\" rel=\"noopener\">Lire l&#8217;article<\/a><\/p>\n<p><\/p>\n\n\n<div style=\"height:13px\" aria-hidden=\"true\" class=\"wp-block-spacer\"><\/div>\n\n\n<p><a href=\"https:\/\/www.bleu-tomate.fr\/agrosemens-la-jeune-pousse-a-pris-de-la-graine\/\" target=\"_blank\" rel=\"noopener\"><img loading=\"lazy\" class=\"alignleft size-full wp-image-1221\" src=\"https:\/\/www.agrosemens.com\/blog\/wp-content\/uploads\/2018\/10\/BleuTomate.jpg\" alt=\"AGROSEMENS - Bleu tomate\" width=\"150\" height=\"150\"><\/a><\/p>\n<p><\/p>\n<p>Le 18\/10\/2018 &#8211; www.bleu-tomate.fr<\/p>\n<p><strong>&#8220;Agrosemens, la jeune pousse a pris de la graine&#8221;<\/strong><\/p>\n<p><a href=\"http:\/\/www.bleu-tomate.fr\/agrosemens-la-jeune-pousse-a-pris-de-la-graine\/\" target=\"_blank\" rel=\"noopener\">Lire l&#8217;article<\/a><\/p>\n<p><\/p>\n\n\n<div style=\"height:13px\" aria-hidden=\"true\" class=\"wp-block-spacer\"><\/div>\n\n\n<p><a href=\"https:\/\/www.agrosemens.com\/blog\/wp-content\/uploads\/2015\/06\/la-provence.pdf\" target=\"_blank\" rel=\"noopener\"><img loading=\"lazy\" class=\"alignleft size-full wp-image-1221\" src=\"https:\/\/www.agrosemens.com\/blog\/wp-content\/uploads\/2020\/08\/la-provence-19-11-2012.jpg\" alt=\"la-provence-19-11-2012\" width=\"150\" height=\"150\"><\/a><\/p>\n<p><\/p>\n<p>Le 19\/11\/2012 &#8211; La Provence<\/p>\n<p><strong>&nbsp;&#8220;Que sont-ils devenus&#8221;<\/strong><\/p>\n<p><a href=\"https:\/\/www.agrosemens.com\/blog\/wp-content\/uploads\/2015\/06\/la-provence.pdf\" target=\"_blank\" rel=\"noopener\">Lire l&#8217;article<\/a><\/p>\n<p><\/p>\n\n\n<div style=\"height:13px\" aria-hidden=\"true\" class=\"wp-block-spacer\"><\/div>\n\n\n<p><a href=\"https:\/\/www.agrosemens.com\/blog\/wp-content\/uploads\/2015\/06\/AGROSEMENS-dans-LEXPRESS.pdf\" target=\"_blank\" rel=\"noopener\"><img loading=\"lazy\" class=\"alignleft size-full wp-image-1204\" src=\"https:\/\/www.agrosemens.com\/blog\/wp-content\/uploads\/2020\/08\/AGROSEMENS-dans-LEXPRESS.jpg\" alt=\"AGROSEMENS-dans-LEXPRESS\" width=\"150\" height=\"150\"><\/a><\/p>\n<p>Le 16\/03\/2011 &#8211; L&#8217;Express<\/p>\n<p><strong>&nbsp;&#8220;Graines bio pour l\u00e9gumes verts&#8221;<\/strong><\/p>\n<p><a href=\"https:\/\/www.agrosemens.com\/blog\/wp-content\/uploads\/2015\/06\/AGROSEMENS-dans-LEXPRESS.pdf\" target=\"_blank\" rel=\"noopener\">Lire l&#8217;article<\/a><\/p>\n<p><\/p>\n\n\n<div style=\"height:13px\" aria-hidden=\"true\" class=\"wp-block-spacer\"><\/div>\n\n\n<p><a href=\"https:\/\/www.agrosemens.com\/blog\/wp-content\/uploads\/2015\/06\/BD-Article-AGROSEMENS-dans-lAgriculteur-Provencale.pdf\" target=\"_blank\" rel=\"noopener\"><img loading=\"lazy\" class=\"alignleft size-full wp-image-1213\" src=\"https:\/\/www.agrosemens.com\/blog\/wp-content\/uploads\/2020\/08\/AGROSEMENS-dans-lAgriculteur-Provencale-2.jpg\" alt=\"AGROSEMENS-dans-l'Agriculteur-Provencale-2\" width=\"150\" height=\"150\"><\/a><\/p>\n<p>Le 04\/03\/2011 &#8211; L&#8217;agriculteur Proven\u00e7al<\/p>\n<p><strong>&nbsp;&#8220;Le semencier 100% bio&#8221;<\/strong><\/p>\n<p><a href=\"https:\/\/www.agrosemens.com\/blog\/wp-content\/uploads\/2015\/06\/BD-Article-AGROSEMENS-dans-lAgriculteur-Provencale.pdf\" target=\"_blank\" rel=\"noopener\">Lire l&#8217;article<\/a><\/p>\n<p><\/p>\n\n\n<div style=\"height:13px\" aria-hidden=\"true\" class=\"wp-block-spacer\"><\/div>\n\n\n<p><a href=\"https:\/\/www.agrosemens.com\/blog\/wp-content\/uploads\/2015\/06\/La-lettre-SudInfo-lancement-de-la-boutique-en-ligne-AGROSEMENS.pdf\" target=\"_blank\" rel=\"noopener\"><img loading=\"lazy\" class=\"alignleft size-full wp-image-1218\" src=\"https:\/\/www.agrosemens.com\/blog\/wp-content\/uploads\/2020\/08\/La-lettre-SudInfo.jpg\" alt=\"La-lettre-SudInfo\" width=\"150\" height=\"150\"><\/a><\/p>\n<p>Le 15\/11\/2012 &#8211; La Lettre Sud Info<\/p>\n<p><strong>&#8220;Agrosemens lance une boutique en ligne&#8221;<\/strong><\/p>\n<p><a href=\"https:\/\/www.agrosemens.com\/blog\/wp-content\/uploads\/2015\/06\/La-lettre-SudInfo-lancement-de-la-boutique-en-ligne-AGROSEMENS.pdf\" target=\"_blank\" rel=\"noopener\">Lire l&#8217;article<\/a><\/p>\n<p><\/p>\n\n\n<div style=\"height:13px\" aria-hidden=\"true\" class=\"wp-block-spacer\"><\/div>\n\n\n<p><a href=\"https:\/\/www.agrosemens.com\/blog\/wp-content\/uploads\/2015\/06\/AGROSEMENS-De-la-graine-a-lassiette-dans-LA-PROVENCE.pdf\" target=\"_blank\" rel=\"noopener\"><img loading=\"lazy\" class=\"alignleft size-full wp-image-1205\" src=\"https:\/\/www.agrosemens.com\/blog\/wp-content\/uploads\/2020\/08\/De-la-graine-a-lassiette-dans-LA-PROVENCE.jpg\" alt=\"De-la-graine-a-l'assiette-dans-LA-PROVENCE\" width=\"150\" height=\"150\"><\/a><\/p>\n<p>Le 21\/06\/2010 &#8211; La Provence<\/p>\n<p><strong>&nbsp;&#8220;Des jeunes poussent qui s\u00e8ment du bio pour r\u00e9colter du bon.&#8221;<\/strong><\/p>\n<p><a href=\"https:\/\/www.agrosemens.com\/blog\/wp-content\/uploads\/2015\/06\/AGROSEMENS-De-la-graine-a-lassiette-dans-LA-PROVENCE.pdf\" target=\"_blank\" rel=\"noopener\">Lire l&#8217;article<\/a><\/p>\n<p><\/p>\n\n\n<div style=\"height:13px\" aria-hidden=\"true\" class=\"wp-block-spacer\"><\/div>\n\n\n<p><a href=\"https:\/\/www.agrosemens.com\/blog\/wp-content\/uploads\/2015\/06\/2010-03-08-1022@TOP_NATURE.pdf\" target=\"_blank\" rel=\"noopener\"><img loading=\"lazy\" class=\"alignleft size-full wp-image-1197\" src=\"https:\/\/www.agrosemens.com\/blog\/wp-content\/uploads\/2020\/08\/TOP_NATURE.jpg\" alt=\"TOP_NATURE\" width=\"150\" height=\"150\"><\/a><\/p>\n<p>Le 08\/03\/2010 &#8211; TOP Nature<\/p>\n<p><strong>&#8220;Semer l&#8217;amour&#8221;<\/strong><\/p>\n<p><a href=\"https:\/\/www.agrosemens.com\/blog\/wp-content\/uploads\/2015\/06\/2010-03-08-1022@TOP_NATURE.pdf\" target=\"_blank\" rel=\"noopener\">Lire l&#8217;article<\/a><\/p>\n<p><\/p>\n\n\n<div style=\"height:13px\" aria-hidden=\"true\" class=\"wp-block-spacer\"><\/div>\n\n\n<p><a href=\"https:\/\/www.agrosemens.com\/blog\/wp-content\/uploads\/2015\/06\/2009-10-22-1869@OBJECTIF_MEDITERRANEE.pdf\" target=\"_blank\" rel=\"noopener\"><img loading=\"lazy\" class=\"alignleft size-full wp-image-1191\" src=\"https:\/\/www.agrosemens.com\/blog\/wp-content\/uploads\/2020\/08\/OBJECTIF_MEDITERRANEE.jpg\" alt=\"OBJECTIF_MEDITERRANEE\" width=\"150\" height=\"150\"><\/a><\/p>\n<p>Le 22\/10\/2009 &#8211; Objectif M\u00e9diterran\u00e9e<\/p>\n<p><strong>&#8220;Dans la peau d&#8217;une&nbsp;entreprise &#8211;&nbsp;Agrosemens &#8211; Le bio prend de la graine&#8221;<\/strong><\/p>\n<p><a href=\"https:\/\/www.agrosemens.com\/blog\/wp-content\/uploads\/2015\/06\/2009-10-22-1869@OBJECTIF_MEDITERRANEE.pdf\" target=\"_blank\" rel=\"noopener\">Lire l&#8217;article<\/a><\/p>\n<p><\/p>\n\n\n<div style=\"height:13px\" aria-hidden=\"true\" class=\"wp-block-spacer\"><\/div>\n\n\n<p><a href=\"https:\/\/www.agrosemens.com\/blog\/wp-content\/uploads\/2015\/06\/2009-04-08-1326@SEMENCES_ET_PROGRES.pdf\" target=\"_blank\" rel=\"noopener\"><img loading=\"lazy\" class=\"alignleft size-full wp-image-1211\" src=\"https:\/\/www.agrosemens.com\/blog\/wp-content\/uploads\/2020\/08\/SEMENCES_ET_PROGRES.jpg\" alt=\"SEMENCES_ET_PROGRES\" width=\"150\" height=\"150\"><\/a><\/p>\n<p>Le 08\/04\/2009 &#8211; Semences et Progr\u00e8s<\/p>\n<p><strong>&#8220;Un nouveau catalogue professionnel de graines de semences 100% bio&#8221;<\/strong><\/p>\n<p><a href=\"https:\/\/www.agrosemens.com\/blog\/wp-content\/uploads\/2015\/06\/2009-04-08-1326@SEMENCES_ET_PROGRES.pdf\" target=\"_blank\" rel=\"noopener\">Lire l&#8217;article<\/a><\/p>\n<p><\/p>\n\n\n<div style=\"height:13px\" aria-hidden=\"true\" class=\"wp-block-spacer\"><\/div>\n\n\n<p><a href=\"https:\/\/www.agrosemens.com\/blog\/wp-content\/uploads\/2015\/06\/La-Provence-070213.pdf\" target=\"_blank\" rel=\"noopener\"><img loading=\"lazy\" class=\"alignleft size-full wp-image-1227\" src=\"https:\/\/www.agrosemens.com\/blog\/wp-content\/uploads\/2020\/08\/La-Provence.jpg\" alt=\"La-Provence\" width=\"150\" height=\"150\"><\/a><\/p>\n<p>Le 13\/02\/2007 &#8211; La Provence<\/p>\n<p><strong>&#8220;Agrosemens et les graines du succ\u00e8s&#8221;<\/strong><\/p>\n<p><a href=\"https:\/\/www.agrosemens.com\/blog\/wp-content\/uploads\/2015\/06\/La-Provence-070213.pdf\" target=\"_blank\" rel=\"noopener\">Lire l&#8217;article<\/a><\/p>\n<p><\/p>\n\n\n<div style=\"height:13px\" aria-hidden=\"true\" class=\"wp-block-spacer\"><\/div>\n\n\n<p><a href=\"https:\/\/www.agrosemens.com\/blog\/wp-content\/uploads\/2015\/06\/BioLin-\u00aeaire0512070001.pdf\" target=\"_blank\" rel=\"noopener\"><img loading=\"lazy\" class=\"alignleft size-full wp-image-1215\" src=\"https:\/\/www.agrosemens.com\/blog\/wp-content\/uploads\/2020\/08\/BioLin.jpg\" alt=\"BioLin\" width=\"150\" height=\"150\"><\/a><\/p>\n<p>Novembre 2005 &#8211; BIO Lin\u00e9aires<\/p>\n<p><strong>&#8220;Des semences bio pour les magasins&#8221;<\/strong><\/p>\n<p><a href=\"https:\/\/www.agrosemens.com\/blog\/wp-content\/uploads\/2015\/06\/BioLin-\u00aeaire0512070001.pdf\" target=\"_blank\" rel=\"noopener\">Lire l&#8217;article<\/a><\/p>\n<p><\/p>\n\n\n<div style=\"height:13px\" aria-hidden=\"true\" class=\"wp-block-spacer\"><\/div>\n\n\n<p><a href=\"https:\/\/www.agrosemens.com\/blog\/wp-content\/uploads\/2015\/06\/VB-Nouvelles-Publications040905.pdf\" target=\"_blank\" rel=\"noopener\"><img loading=\"lazy\" class=\"alignleft size-full wp-image-1230\" src=\"https:\/\/www.agrosemens.com\/blog\/wp-content\/uploads\/2020\/08\/VB-Nouvelles-Publications.jpg\" alt=\"VB-Nouvelles-Publications\" width=\"150\" height=\"150\"><\/a><\/p>\n<p>Le 04\/09\/2004 &#8211; Nouvelles Publications<\/p>\n<p><strong>&#8220;Agrosemens s\u00e8me ses valeurs \u00e0 tout vent&#8221;<\/strong><\/p>\n<p><a href=\"https:\/\/www.agrosemens.com\/blog\/wp-content\/uploads\/2015\/06\/VB-Nouvelles-Publications040905.pdf\" target=\"_blank\" rel=\"noopener\">Lire l&#8217;article<\/a><\/p>\n<p><\/p>\n\n\n<div style=\"height:13px\" aria-hidden=\"true\" class=\"wp-block-spacer\"><\/div>\n\n\n<p><a href=\"https:\/\/www.agrosemens.com\/blog\/wp-content\/uploads\/2015\/03\/La-Provence-030328.pdf\" target=\"_blank\" rel=\"noopener\"><img loading=\"lazy\" class=\"alignleft size-full wp-image-1240\" src=\"https:\/\/www.agrosemens.com\/blog\/wp-content\/uploads\/2020\/08\/La-Provence-030328.jpg\" alt=\"\" width=\"150\" height=\"150\"><\/a><br>Le 28\/03\/2003 &#8211; La Provence<\/p>\n<p><strong>&#8220;Une entreprise bio pour une alimentation saine&#8221;<\/strong><\/p>\n<p><a href=\"https:\/\/www.agrosemens.com\/blog\/wp-content\/uploads\/2015\/03\/La-Provence-030328.pdf\" target=\"_blank\" rel=\"noopener\">Lire l&#8217;article<\/a><\/p>\n<p><\/p>\n\n\n<div style=\"height:13px\" aria-hidden=\"true\" class=\"wp-block-spacer\"><\/div>\n\n\n<p><a href=\"https:\/\/www.agrosemens.com\/blog\/wp-content\/uploads\/2015\/03\/Le-Mediterraneen-AS-Mars-2003.pdf\" target=\"_blank\" rel=\"noopener\"><img loading=\"lazy\" class=\"alignleft size-full wp-image-1241\" src=\"https:\/\/www.agrosemens.com\/blog\/wp-content\/uploads\/2020\/08\/Le-Mediterraneen-AS-Mars-2003.jpg\" alt=\"Le-Mediterraneen-AS-Mars-2003\" width=\"150\" height=\"150\"><\/a><br>Le 01\/03\/2003 &#8211; Le M\u00e9diterran\u00e9en<\/p>\n<p><strong>&#8220;Agrosemens invente la graine tout terrain&#8221;<\/strong><\/p>\n<p><a href=\"https:\/\/www.agrosemens.com\/blog\/wp-content\/uploads\/2015\/03\/Le-Mediterraneen-AS-Mars-2003.pdf\" target=\"_blank\" rel=\"noopener\">Lire l&#8217;article<\/a><\/p>\n<p><\/p>\n\n\n<div style=\"height:13px\" aria-hidden=\"true\" class=\"wp-block-spacer\"><\/div>\n\n\n<p><a href=\"https:\/\/www.agrosemens.com\/blog\/wp-content\/uploads\/2015\/03\/Marseille-lhebdo-030108.pdf\" target=\"_blank\" rel=\"noopener\"><img loading=\"lazy\" class=\"alignleft size-full wp-image-1242\" src=\"https:\/\/www.agrosemens.com\/blog\/wp-content\/uploads\/2020\/08\/Marseille-lhebdo-030108.jpg\" alt=\"Marseille-l'hebdo-030108\" width=\"150\" height=\"150\"><\/a><br>Le 08\/01\/2003 &#8211; Marseille l&#8217;Hebdo<\/p>\n<p><strong>&#8220;La petite graine qui monte&#8221;<\/strong><\/p>\n<p><a href=\"https:\/\/www.agrosemens.com\/blog\/wp-content\/uploads\/2015\/03\/Marseille-lhebdo-030108.pdf\" target=\"_blank\" rel=\"noopener\">Lire l&#8217;article<\/a><\/p>\n<p><\/p>\n\n\n<div style=\"height:13px\" aria-hidden=\"true\" class=\"wp-block-spacer\"><\/div>\n\n\n<p><a href=\"https:\/\/www.agrosemens.com\/blog\/wp-content\/uploads\/2015\/06\/JCEM-Nlles-Publications020917.jpg\" target=\"_blank\" rel=\"noopener\"><img loading=\"lazy\" class=\"alignleft size-full wp-image-1216\" src=\"https:\/\/www.agrosemens.com\/blog\/wp-content\/uploads\/2020\/08\/JCEM-Nlles-Publications020917.jpg\" alt=\"JCEM-Nlles-Publications020917\" width=\"150\" height=\"150\"><\/a><\/p>\n<p>Le 28\/09\/2002 &#8211; Nouvelles Publications<\/p>\n<p><strong>&#8220;Troph\u00e9es de l&#8217;entreprise innovante&#8221;<\/strong><\/p>\n<p><a href=\"https:\/\/www.agrosemens.com\/blog\/wp-content\/uploads\/2015\/06\/JCEM-Nlles-Publications020917.jpg\" target=\"_blank\" rel=\"noopener\">Lire l&#8217;article<\/a><\/p>\n<p><\/p>","protected":false},"excerpt":{"rendered":"<p>Septembre 2024 &#8211; L&#8217;Agence Bio Cyriaque Crosnier Mangeat, le p\u00e8lerin du bio. Voir l&#8217;article Juillet 2024 &#8211; Bleu Tomate Fermes municipales, graines de la transition ? D\u00e9couvrez avec nous la premi\u00e8re \u00e9dition des Rencontres nationales des fermes municipales \u00e0 Mouans-Sartoux ! Voir la vid\u00e9o Hiver 2024 &#8211; Businews Grand format (en)Qu\u00eate de sens : Julien &#8230; <\/p>\n<p class=\"moree\"><a class=\"btn btn-inverse btn-normal btn-primary \" href=\"https:\/\/www.agrosemens.com\/blog\/ils-parlent-de-nous\/\">Lire la suite<\/a><\/p>\n","protected":false},"author":1,"featured_media":0,"parent":0,"menu_order":0,"comment_status":"closed","ping_status":"closed","template":"","meta":[],"yoast_head":"<!-- This site is optimized with the Yoast SEO plugin v19.2 - https:\/\/yoast.com\/wordpress\/plugins\/seo\/ -->\n<title>Ils parlent de nous - Agrosemens<\/title>\n<meta name=\"robots\" content=\"index, follow, max-snippet:-1, max-image-preview:large, max-video-preview:-1\" \/>\n<link rel=\"canonical\" href=\"https:\/\/www.agrosemens.com\/blog\/ils-parlent-de-nous\/\" \/>\n<meta property=\"og:locale\" content=\"fr_FR\" \/>\n<meta property=\"og:type\" content=\"article\" \/>\n<meta property=\"og:title\" content=\"Ils parlent de nous - Agrosemens\" \/>\n<meta property=\"og:description\" content=\"Septembre 2024 &#8211; L&#8217;Agence Bio Cyriaque Crosnier Mangeat, le p\u00e8lerin du bio. Voir l&#8217;article Juillet 2024 &#8211; Bleu Tomate Fermes municipales, graines de la transition ? D\u00e9couvrez avec nous la premi\u00e8re \u00e9dition des Rencontres nationales des fermes municipales \u00e0 Mouans-Sartoux ! Voir la vid\u00e9o Hiver 2024 &#8211; Businews Grand format (en)Qu\u00eate de sens : Julien ... Lire la suite\" \/>\n<meta property=\"og:url\" content=\"https:\/\/www.agrosemens.com\/blog\/ils-parlent-de-nous\/\" \/>\n<meta property=\"og:site_name\" content=\"Agrosemens\" \/>\n<meta property=\"article:publisher\" content=\"https:\/\/www.facebook.com\/agrosemens.semencesbio\" \/>\n<meta property=\"article:modified_time\" content=\"2024-09-30T06:44:40+00:00\" \/>\n<meta property=\"og:image\" content=\"https:\/\/www.agrosemens.com\/blog\/wp-content\/uploads\/2024\/09\/POST-122.jpg\" \/>\n<meta name=\"author\" content=\"agrosemens\" \/>\n<meta name=\"twitter:card\" content=\"summary_large_image\" \/>\n<meta name=\"twitter:site\" content=\"@AGROSEMENS\" \/>\n<meta name=\"twitter:label1\" content=\"Dur\u00e9e de lecture estim\u00e9e\" \/>\n\t<meta name=\"twitter:data1\" content=\"7 minutes\" \/>\n<script type=\"application\/ld+json\" class=\"yoast-schema-graph\">{\"@context\":\"https:\/\/schema.org\",\"@graph\":[{\"@type\":\"WebSite\",\"@id\":\"https:\/\/www.agrosemens.com\/blog\/#website\",\"url\":\"https:\/\/www.agrosemens.com\/blog\/\",\"name\":\"Agrosemens\",\"description\":\"\",\"potentialAction\":[{\"@type\":\"SearchAction\",\"target\":{\"@type\":\"EntryPoint\",\"urlTemplate\":\"https:\/\/www.agrosemens.com\/blog\/?s={search_term_string}\"},\"query-input\":\"required name=search_term_string\"}],\"inLanguage\":\"fr-FR\"},{\"@type\":\"ImageObject\",\"inLanguage\":\"fr-FR\",\"@id\":\"https:\/\/www.agrosemens.com\/blog\/ils-parlent-de-nous\/#primaryimage\",\"url\":\"https:\/\/www.agrosemens.com\/blog\/wp-content\/uploads\/2024\/09\/POST-122.jpg\",\"contentUrl\":\"https:\/\/www.agrosemens.com\/blog\/wp-content\/uploads\/2024\/09\/POST-122.jpg\",\"width\":236,\"height\":236},{\"@type\":\"WebPage\",\"@id\":\"https:\/\/www.agrosemens.com\/blog\/ils-parlent-de-nous\/#webpage\",\"url\":\"https:\/\/www.agrosemens.com\/blog\/ils-parlent-de-nous\/\",\"name\":\"Ils parlent de nous - Agrosemens\",\"isPartOf\":{\"@id\":\"https:\/\/www.agrosemens.com\/blog\/#website\"},\"primaryImageOfPage\":{\"@id\":\"https:\/\/www.agrosemens.com\/blog\/ils-parlent-de-nous\/#primaryimage\"},\"datePublished\":\"2015-03-17T11:14:43+00:00\",\"dateModified\":\"2024-09-30T06:44:40+00:00\",\"breadcrumb\":{\"@id\":\"https:\/\/www.agrosemens.com\/blog\/ils-parlent-de-nous\/#breadcrumb\"},\"inLanguage\":\"fr-FR\",\"potentialAction\":[{\"@type\":\"ReadAction\",\"target\":[\"https:\/\/www.agrosemens.com\/blog\/ils-parlent-de-nous\/\"]}]},{\"@type\":\"BreadcrumbList\",\"@id\":\"https:\/\/www.agrosemens.com\/blog\/ils-parlent-de-nous\/#breadcrumb\",\"itemListElement\":[{\"@type\":\"ListItem\",\"position\":1,\"name\":\"Accueil\",\"item\":\"https:\/\/www.agrosemens.com\/blog\/\"},{\"@type\":\"ListItem\",\"position\":2,\"name\":\"Ils parlent de nous\"}]}]}<\/script>\n<!-- \/ Yoast SEO plugin. -->","yoast_head_json":{"title":"Ils parlent de nous - Agrosemens","robots":{"index":"index","follow":"follow","max-snippet":"max-snippet:-1","max-image-preview":"max-image-preview:large","max-video-preview":"max-video-preview:-1"},"canonical":"https:\/\/www.agrosemens.com\/blog\/ils-parlent-de-nous\/","og_locale":"fr_FR","og_type":"article","og_title":"Ils parlent de nous - Agrosemens","og_description":"Septembre 2024 &#8211; L&#8217;Agence Bio Cyriaque Crosnier Mangeat, le p\u00e8lerin du bio. Voir l&#8217;article Juillet 2024 &#8211; Bleu Tomate Fermes municipales, graines de la transition ? D\u00e9couvrez avec nous la premi\u00e8re \u00e9dition des Rencontres nationales des fermes municipales \u00e0 Mouans-Sartoux ! Voir la vid\u00e9o Hiver 2024 &#8211; Businews Grand format (en)Qu\u00eate de sens : Julien ... Lire la suite","og_url":"https:\/\/www.agrosemens.com\/blog\/ils-parlent-de-nous\/","og_site_name":"Agrosemens","article_publisher":"https:\/\/www.facebook.com\/agrosemens.semencesbio","article_modified_time":"2024-09-30T06:44:40+00:00","og_image":[{"url":"https:\/\/www.agrosemens.com\/blog\/wp-content\/uploads\/2024\/09\/POST-122.jpg"}],"author":"agrosemens","twitter_card":"summary_large_image","twitter_site":"@AGROSEMENS","twitter_misc":{"Dur\u00e9e de lecture estim\u00e9e":"7 minutes"},"schema":{"@context":"https:\/\/schema.org","@graph":[{"@type":"WebSite","@id":"https:\/\/www.agrosemens.com\/blog\/#website","url":"https:\/\/www.agrosemens.com\/blog\/","name":"Agrosemens","description":"","potentialAction":[{"@type":"SearchAction","target":{"@type":"EntryPoint","urlTemplate":"https:\/\/www.agrosemens.com\/blog\/?s={search_term_string}"},"query-input":"required name=search_term_string"}],"inLanguage":"fr-FR"},{"@type":"ImageObject","inLanguage":"fr-FR","@id":"https:\/\/www.agrosemens.com\/blog\/ils-parlent-de-nous\/#primaryimage","url":"https:\/\/www.agrosemens.com\/blog\/wp-content\/uploads\/2024\/09\/POST-122.jpg","contentUrl":"https:\/\/www.agrosemens.com\/blog\/wp-content\/uploads\/2024\/09\/POST-122.jpg","width":236,"height":236},{"@type":"WebPage","@id":"https:\/\/www.agrosemens.com\/blog\/ils-parlent-de-nous\/#webpage","url":"https:\/\/www.agrosemens.com\/blog\/ils-parlent-de-nous\/","name":"Ils parlent de nous - Agrosemens","isPartOf":{"@id":"https:\/\/www.agrosemens.com\/blog\/#website"},"primaryImageOfPage":{"@id":"https:\/\/www.agrosemens.com\/blog\/ils-parlent-de-nous\/#primaryimage"},"datePublished":"2015-03-17T11:14:43+00:00","dateModified":"2024-09-30T06:44:40+00:00","breadcrumb":{"@id":"https:\/\/www.agrosemens.com\/blog\/ils-parlent-de-nous\/#breadcrumb"},"inLanguage":"fr-FR","potentialAction":[{"@type":"ReadAction","target":["https:\/\/www.agrosemens.com\/blog\/ils-parlent-de-nous\/"]}]},{"@type":"BreadcrumbList","@id":"https:\/\/www.agrosemens.com\/blog\/ils-parlent-de-nous\/#breadcrumb","itemListElement":[{"@type":"ListItem","position":1,"name":"Accueil","item":"https:\/\/www.agrosemens.com\/blog\/"},{"@type":"ListItem","position":2,"name":"Ils parlent de nous"}]}]}},"_links":{"self":[{"href":"https:\/\/www.agrosemens.com\/blog\/wp-json\/wp\/v2\/pages\/247"}],"collection":[{"href":"https:\/\/www.agrosemens.com\/blog\/wp-json\/wp\/v2\/pages"}],"about":[{"href":"https:\/\/www.agrosemens.com\/blog\/wp-json\/wp\/v2\/types\/page"}],"author":[{"embeddable":true,"href":"https:\/\/www.agrosemens.com\/blog\/wp-json\/wp\/v2\/users\/1"}],"replies":[{"embeddable":true,"href":"https:\/\/www.agrosemens.com\/blog\/wp-json\/wp\/v2\/comments?post=247"}],"version-history":[{"count":49,"href":"https:\/\/www.agrosemens.com\/blog\/wp-json\/wp\/v2\/pages\/247\/revisions"}],"predecessor-version":[{"id":6558,"href":"https:\/\/www.agrosemens.com\/blog\/wp-json\/wp\/v2\/pages\/247\/revisions\/6558"}],"wp:attachment":[{"href":"https:\/\/www.agrosemens.com\/blog\/wp-json\/wp\/v2\/media?parent=247"}],"curies":[{"name":"wp","href":"https:\/\/api.w.org\/{rel}","templated":true}]}}